{"id":25266,"date":"2020-09-04T11:04:40","date_gmt":"2020-09-04T09:04:40","guid":{"rendered":"https:\/\/territoriolab.org\/?post_type=material&#038;p=25266"},"modified":"2025-11-06T18:06:26","modified_gmt":"2025-11-06T17:06:26","slug":"comision-de-la-verdad-avances-y-labor-por-el-esclarecimiento-de-los-hechos-violentos","status":"publish","type":"material","link":"https:\/\/territoriolab.org\/eu\/material\/comision-de-la-verdad-avances-y-labor-por-el-esclarecimiento-de-los-hechos-violentos\/","title":{"rendered":"Caquet\u00e1: Comisi\u00f3n de la Verdad, avances y labor por el esclarecimiento de los hechos violentos."},"content":{"rendered":"<p><strong>Fernando Cruz<\/strong><br \/>\n<strong>Investigador del equipo Colombia y miembro del proyecto de \u201c<em>Territorios en Conficto<\/em>\u201d.<\/strong><br \/>\n<strong>Director de la Comisi\u00f3n de la Verdad en Caquet\u00e1<\/strong><\/p>\n<p>2020<\/p>\n<p>Entrevista en el programa \u201cVoces de la Verdad\u201d en el canal \u201cEnfoque Caquet\u00e1\u201d (Canal TV5), para explicar el trabajo de la Comisi\u00f3n en estos \u00faltimos 2 a\u00f1os y c\u00f3mo avanza el proceso en esta regi\u00f3n de Colombia.<\/p>\n<p><a href=\"https:\/\/www.facebook.com\/238367090088820\/posts\/686542178604640\/\">Ver entrevista<\/a>.<\/p>\n","protected":false},"featured_media":19914,"template":"","meta":{"_acf_changed":false},"anio":[522],"enfoque":[501],"territorio":[493],"tipo-de-material":[488],"class_list":["post-25266","material","type-material","status-publish","has-post-thumbnail","hentry","anio-522","enfoque-enfoque-de-capacidades","territorio-colombia","tipo-de-material-videos"],"acf":[],"yoast_head":"<!-- This site is optimized with the Yoast SEO plugin v27.5 - https:\/\/yoast.com\/product\/yoast-seo-wordpress\/ -->\n<title>Caquet\u00e1: Comisi\u00f3n de la Verdad, avances y labor por el esclarecimiento de los hechos violentos. - Territorios para la vida<\/title>\n<meta name=\"robots\" content=\"index, follow, max-snippet:-1, max-image-preview:large, max-video-preview:-1\" \/>\n<link rel=\"canonical\" href=\"https:\/\/territoriolab.org\/eu\/material\/comision-de-la-verdad-avances-y-labor-por-el-esclarecimiento-de-los-hechos-violentos\/\" \/>\n<meta property=\"og:locale\" content=\"en_US\" \/>\n<meta property=\"og:type\" content=\"article\" \/>\n<meta property=\"og:title\" content=\"Caquet\u00e1: Comisi\u00f3n de la Verdad, avances y labor por el esclarecimiento de los hechos violentos. - Territorios para la vida\" \/>\n<meta property=\"og:description\" content=\"Fernando Cruz Investigador del equipo Colombia y miembro del proyecto de \u201cTerritorios en Conficto\u201d. Director de la Comisi\u00f3n de la Verdad en Caquet\u00e1 2020 Entrevista en el programa \u201cVoces de la Verdad\u201d en el canal \u201cEnfoque Caquet\u00e1\u201d (Canal TV5), para explicar el trabajo de la Comisi\u00f3n en estos \u00faltimos 2 a\u00f1os y c\u00f3mo avanza el...\" \/>\n<meta property=\"og:url\" content=\"https:\/\/territoriolab.org\/eu\/material\/comision-de-la-verdad-avances-y-labor-por-el-esclarecimiento-de-los-hechos-violentos\/\" \/>\n<meta property=\"og:site_name\" content=\"Territorios para la vida\" \/>\n<meta property=\"article:modified_time\" content=\"2025-11-06T17:06:26+00:00\" \/>\n<meta property=\"og:image\" content=\"https:\/\/territoriolab.org\/wp-content\/uploads\/2020\/09\/fernando-cruz-canal-tv5.jpg\" \/>\n\t<meta property=\"og:image:width\" content=\"1124\" \/>\n\t<meta property=\"og:image:height\" content=\"618\" \/>\n\t<meta property=\"og:image:type\" content=\"image\/jpeg\" \/>\n<meta name=\"twitter:card\" content=\"summary_large_image\" \/>\n<script type=\"application\/ld+json\" class=\"yoast-schema-graph\">{\"@context\":\"https:\\\/\\\/schema.org\",\"@graph\":[{\"@type\":\"WebPage\",\"@id\":\"https:\\\/\\\/territoriolab.org\\\/eu\\\/material\\\/comision-de-la-verdad-avances-y-labor-por-el-esclarecimiento-de-los-hechos-violentos\\\/\",\"url\":\"https:\\\/\\\/territoriolab.org\\\/eu\\\/material\\\/comision-de-la-verdad-avances-y-labor-por-el-esclarecimiento-de-los-hechos-violentos\\\/\",\"name\":\"Caquet\u00e1: Comisi\u00f3n de la Verdad, avances y labor por el esclarecimiento de los hechos violentos. - Territorios para la vida\",\"isPartOf\":{\"@id\":\"https:\\\/\\\/territoriolab.org\\\/eu\\\/pt-pt\\\/#website\"},\"primaryImageOfPage\":{\"@id\":\"https:\\\/\\\/territoriolab.org\\\/eu\\\/material\\\/comision-de-la-verdad-avances-y-labor-por-el-esclarecimiento-de-los-hechos-violentos\\\/#primaryimage\"},\"image\":{\"@id\":\"https:\\\/\\\/territoriolab.org\\\/eu\\\/material\\\/comision-de-la-verdad-avances-y-labor-por-el-esclarecimiento-de-los-hechos-violentos\\\/#primaryimage\"},\"thumbnailUrl\":\"https:\\\/\\\/territoriolab.org\\\/wp-content\\\/uploads\\\/2020\\\/09\\\/fernando-cruz-canal-tv5.jpg\",\"datePublished\":\"2020-09-04T09:04:40+00:00\",\"dateModified\":\"2025-11-06T17:06:26+00:00\",\"breadcrumb\":{\"@id\":\"https:\\\/\\\/territoriolab.org\\\/eu\\\/material\\\/comision-de-la-verdad-avances-y-labor-por-el-esclarecimiento-de-los-hechos-violentos\\\/#breadcrumb\"},\"inLanguage\":\"eu\",\"potentialAction\":[{\"@type\":\"ReadAction\",\"target\":[\"https:\\\/\\\/territoriolab.org\\\/eu\\\/material\\\/comision-de-la-verdad-avances-y-labor-por-el-esclarecimiento-de-los-hechos-violentos\\\/\"]}]},{\"@type\":\"ImageObject\",\"inLanguage\":\"eu\",\"@id\":\"https:\\\/\\\/territoriolab.org\\\/eu\\\/material\\\/comision-de-la-verdad-avances-y-labor-por-el-esclarecimiento-de-los-hechos-violentos\\\/#primaryimage\",\"url\":\"https:\\\/\\\/territoriolab.org\\\/wp-content\\\/uploads\\\/2020\\\/09\\\/fernando-cruz-canal-tv5.jpg\",\"contentUrl\":\"https:\\\/\\\/territoriolab.org\\\/wp-content\\\/uploads\\\/2020\\\/09\\\/fernando-cruz-canal-tv5.jpg\",\"width\":1124,\"height\":618,\"caption\":\"Territorios en Conflicto: entrevista Comisi\u00f3n de la Verdad\"},{\"@type\":\"BreadcrumbList\",\"@id\":\"https:\\\/\\\/territoriolab.org\\\/eu\\\/material\\\/comision-de-la-verdad-avances-y-labor-por-el-esclarecimiento-de-los-hechos-violentos\\\/#breadcrumb\",\"itemListElement\":[{\"@type\":\"ListItem\",\"position\":1,\"name\":\"Portada\",\"item\":\"https:\\\/\\\/territoriolab.org\\\/eu\\\/\"},{\"@type\":\"ListItem\",\"position\":2,\"name\":\"Materiales\",\"item\":\"https:\\\/\\\/territoriolab.org\\\/eu\\\/material\\\/\"},{\"@type\":\"ListItem\",\"position\":3,\"name\":\"Caquet\u00e1: Comisi\u00f3n de la Verdad, avances y labor por el esclarecimiento de los hechos violentos.\"}]},{\"@type\":\"WebSite\",\"@id\":\"https:\\\/\\\/territoriolab.org\\\/eu\\\/pt-pt\\\/#website\",\"url\":\"https:\\\/\\\/territoriolab.org\\\/eu\\\/pt-pt\\\/\",\"name\":\"Territorios para la vida\",\"description\":\"Investigaci\u00f3n y formaci\u00f3n de alternativas de vida\",\"publisher\":{\"@id\":\"https:\\\/\\\/territoriolab.org\\\/eu\\\/pt-pt\\\/#organization\"},\"potentialAction\":[{\"@type\":\"SearchAction\",\"target\":{\"@type\":\"EntryPoint\",\"urlTemplate\":\"https:\\\/\\\/territoriolab.org\\\/eu\\\/pt-pt\\\/?s={search_term_string}\"},\"query-input\":{\"@type\":\"PropertyValueSpecification\",\"valueRequired\":true,\"valueName\":\"search_term_string\"}}],\"inLanguage\":\"eu\"},{\"@type\":\"Organization\",\"@id\":\"https:\\\/\\\/territoriolab.org\\\/eu\\\/pt-pt\\\/#organization\",\"name\":\"Territorios en Conflicto\",\"url\":\"https:\\\/\\\/territoriolab.org\\\/eu\\\/pt-pt\\\/\",\"logo\":{\"@type\":\"ImageObject\",\"inLanguage\":\"eu\",\"@id\":\"https:\\\/\\\/territoriolab.org\\\/eu\\\/pt-pt\\\/#\\\/schema\\\/logo\\\/image\\\/\",\"url\":\"https:\\\/\\\/territoriolab.org\\\/wp-content\\\/uploads\\\/2019\\\/10\\\/logo.png\",\"contentUrl\":\"https:\\\/\\\/territoriolab.org\\\/wp-content\\\/uploads\\\/2019\\\/10\\\/logo.png\",\"width\":300,\"height\":82,\"caption\":\"Territorios en Conflicto\"},\"image\":{\"@id\":\"https:\\\/\\\/territoriolab.org\\\/eu\\\/pt-pt\\\/#\\\/schema\\\/logo\\\/image\\\/\"}}]}<\/script>\n<!-- \/ Yoast SEO plugin. -->","yoast_head_json":{"title":"Caquet\u00e1: Comisi\u00f3n de la Verdad, avances y labor por el esclarecimiento de los hechos violentos. - Territorios para la vida","robots":{"index":"index","follow":"follow","max-snippet":"max-snippet:-1","max-image-preview":"max-image-preview:large","max-video-preview":"max-video-preview:-1"},"canonical":"https:\/\/territoriolab.org\/eu\/material\/comision-de-la-verdad-avances-y-labor-por-el-esclarecimiento-de-los-hechos-violentos\/","og_locale":"en_US","og_type":"article","og_title":"Caquet\u00e1: Comisi\u00f3n de la Verdad, avances y labor por el esclarecimiento de los hechos violentos. - Territorios para la vida","og_description":"Fernando Cruz Investigador del equipo Colombia y miembro del proyecto de \u201cTerritorios en Conficto\u201d. Director de la Comisi\u00f3n de la Verdad en Caquet\u00e1 2020 Entrevista en el programa \u201cVoces de la Verdad\u201d en el canal \u201cEnfoque Caquet\u00e1\u201d (Canal TV5), para explicar el trabajo de la Comisi\u00f3n en estos \u00faltimos 2 a\u00f1os y c\u00f3mo avanza el...","og_url":"https:\/\/territoriolab.org\/eu\/material\/comision-de-la-verdad-avances-y-labor-por-el-esclarecimiento-de-los-hechos-violentos\/","og_site_name":"Territorios para la vida","article_modified_time":"2025-11-06T17:06:26+00:00","og_image":[{"width":1124,"height":618,"url":"https:\/\/territoriolab.org\/wp-content\/uploads\/2020\/09\/fernando-cruz-canal-tv5.jpg","type":"image\/jpeg"}],"twitter_card":"summary_large_image","schema":{"@context":"https:\/\/schema.org","@graph":[{"@type":"WebPage","@id":"https:\/\/territoriolab.org\/eu\/material\/comision-de-la-verdad-avances-y-labor-por-el-esclarecimiento-de-los-hechos-violentos\/","url":"https:\/\/territoriolab.org\/eu\/material\/comision-de-la-verdad-avances-y-labor-por-el-esclarecimiento-de-los-hechos-violentos\/","name":"Caquet\u00e1: Comisi\u00f3n de la Verdad, avances y labor por el esclarecimiento de los hechos violentos. - Territorios para la vida","isPartOf":{"@id":"https:\/\/territoriolab.org\/eu\/pt-pt\/#website"},"primaryImageOfPage":{"@id":"https:\/\/territoriolab.org\/eu\/material\/comision-de-la-verdad-avances-y-labor-por-el-esclarecimiento-de-los-hechos-violentos\/#primaryimage"},"image":{"@id":"https:\/\/territoriolab.org\/eu\/material\/comision-de-la-verdad-avances-y-labor-por-el-esclarecimiento-de-los-hechos-violentos\/#primaryimage"},"thumbnailUrl":"https:\/\/territoriolab.org\/wp-content\/uploads\/2020\/09\/fernando-cruz-canal-tv5.jpg","datePublished":"2020-09-04T09:04:40+00:00","dateModified":"2025-11-06T17:06:26+00:00","breadcrumb":{"@id":"https:\/\/territoriolab.org\/eu\/material\/comision-de-la-verdad-avances-y-labor-por-el-esclarecimiento-de-los-hechos-violentos\/#breadcrumb"},"inLanguage":"eu","potentialAction":[{"@type":"ReadAction","target":["https:\/\/territoriolab.org\/eu\/material\/comision-de-la-verdad-avances-y-labor-por-el-esclarecimiento-de-los-hechos-violentos\/"]}]},{"@type":"ImageObject","inLanguage":"eu","@id":"https:\/\/territoriolab.org\/eu\/material\/comision-de-la-verdad-avances-y-labor-por-el-esclarecimiento-de-los-hechos-violentos\/#primaryimage","url":"https:\/\/territoriolab.org\/wp-content\/uploads\/2020\/09\/fernando-cruz-canal-tv5.jpg","contentUrl":"https:\/\/territoriolab.org\/wp-content\/uploads\/2020\/09\/fernando-cruz-canal-tv5.jpg","width":1124,"height":618,"caption":"Territorios en Conflicto: entrevista Comisi\u00f3n de la Verdad"},{"@type":"BreadcrumbList","@id":"https:\/\/territoriolab.org\/eu\/material\/comision-de-la-verdad-avances-y-labor-por-el-esclarecimiento-de-los-hechos-violentos\/#breadcrumb","itemListElement":[{"@type":"ListItem","position":1,"name":"Portada","item":"https:\/\/territoriolab.org\/eu\/"},{"@type":"ListItem","position":2,"name":"Materiales","item":"https:\/\/territoriolab.org\/eu\/material\/"},{"@type":"ListItem","position":3,"name":"Caquet\u00e1: Comisi\u00f3n de la Verdad, avances y labor por el esclarecimiento de los hechos violentos."}]},{"@type":"WebSite","@id":"https:\/\/territoriolab.org\/eu\/pt-pt\/#website","url":"https:\/\/territoriolab.org\/eu\/pt-pt\/","name":"Territorios para la vida","description":"Investigaci\u00f3n y formaci\u00f3n de alternativas de vida","publisher":{"@id":"https:\/\/territoriolab.org\/eu\/pt-pt\/#organization"},"potentialAction":[{"@type":"SearchAction","target":{"@type":"EntryPoint","urlTemplate":"https:\/\/territoriolab.org\/eu\/pt-pt\/?s={search_term_string}"},"query-input":{"@type":"PropertyValueSpecification","valueRequired":true,"valueName":"search_term_string"}}],"inLanguage":"eu"},{"@type":"Organization","@id":"https:\/\/territoriolab.org\/eu\/pt-pt\/#organization","name":"Territorios en Conflicto","url":"https:\/\/territoriolab.org\/eu\/pt-pt\/","logo":{"@type":"ImageObject","inLanguage":"eu","@id":"https:\/\/territoriolab.org\/eu\/pt-pt\/#\/schema\/logo\/image\/","url":"https:\/\/territoriolab.org\/wp-content\/uploads\/2019\/10\/logo.png","contentUrl":"https:\/\/territoriolab.org\/wp-content\/uploads\/2019\/10\/logo.png","width":300,"height":82,"caption":"Territorios en Conflicto"},"image":{"@id":"https:\/\/territoriolab.org\/eu\/pt-pt\/#\/schema\/logo\/image\/"}}]}},"_links":{"self":[{"href":"https:\/\/territoriolab.org\/eu\/wp-json\/wp\/v2\/material\/25266","targetHints":{"allow":["GET"]}}],"collection":[{"href":"https:\/\/territoriolab.org\/eu\/wp-json\/wp\/v2\/material"}],"about":[{"href":"https:\/\/territoriolab.org\/eu\/wp-json\/wp\/v2\/types\/material"}],"wp:featuredmedia":[{"embeddable":true,"href":"https:\/\/territoriolab.org\/eu\/wp-json\/wp\/v2\/media\/19914"}],"wp:attachment":[{"href":"https:\/\/territoriolab.org\/eu\/wp-json\/wp\/v2\/media?parent=25266"}],"wp:term":[{"taxonomy":"anio","embeddable":true,"href":"https:\/\/territoriolab.org\/eu\/wp-json\/wp\/v2\/anio?post=25266"},{"taxonomy":"enfoque","embeddable":true,"href":"https:\/\/territoriolab.org\/eu\/wp-json\/wp\/v2\/enfoque?post=25266"},{"taxonomy":"territorio","embeddable":true,"href":"https:\/\/territoriolab.org\/eu\/wp-json\/wp\/v2\/territorio?post=25266"},{"taxonomy":"tipo-de-material","embeddable":true,"href":"https:\/\/territoriolab.org\/eu\/wp-json\/wp\/v2\/tipo-de-material?post=25266"}],"curies":[{"name":"wp","href":"https:\/\/api.w.org\/{rel}","templated":true}]}}